{"id":1269,"date":"2021-04-10T13:38:53","date_gmt":"2021-04-10T13:38:53","guid":{"rendered":"https:\/\/36256ryd.se\/minnen\/?page_id=1269"},"modified":"2021-04-10T17:14:56","modified_gmt":"2021-04-10T17:14:56","slug":"minne-fran-en-raid","status":"publish","type":"page","link":"https:\/\/36256ryd.se\/minnen\/doroteas-minen\/minne-fran-en-raid\/","title":{"rendered":"MINNE FR\u00c5N EN RAID"},"content":{"rendered":"\n<p>&nbsp;Ett av mina f\u00f6rsta minnen \u00e4r hur jag och min bror \u00e4n nedb\u00e4ddade i en&nbsp;ackja.&nbsp;Jag i bak\u00e4ndan och framf\u00f6r mig med ansiktet mot mig sitter min bror Jonas i&nbsp;fram\u00e4nden.&nbsp;Han \u00e5ker s\u00e5ledes bakl\u00e4nges. Bakom&nbsp;bakom&nbsp;mig har jag h\u00e4rken (dragrenen)&nbsp;Som drar&nbsp;ackja&nbsp;nummer tv\u00e5 med k\u00f6ks f\u00f6rn\u00f6denheter och mat.&nbsp;Han fl\u00e5sar mig i nacken varmt och v\u00e5tt. Obehagligt!&nbsp;<\/p>\n\n\n\n<p>Jonas d\u00e4remot hade det lugnt och sk\u00f6nt och han kunde till och med sova ibland. Jag k\u00e4nde mig faktiskt lite avundsjuk. Jag minns dock hur jag nj\u00f6t av omgivningen. Mor ledde raiden. Hon \u00e5kte skidor och hade en \u201cgojvo-klahka&#8221; (Stav med \u00f6skar) i ena handen och ledde&nbsp;raiden&nbsp;med en andra.&nbsp;Far dirigerade jorden. Man s\u00e5g honom i ytterkanten och ibland bakom. Han hade en stav med ett spjut.&nbsp;<\/p>\n\n\n\n<div class=\"wp-block-media-text alignwide is-stacked-on-mobile\"><figure class=\"wp-block-media-text__media\"><img loading=\"lazy\" decoding=\"async\" width=\"300\" height=\"281\" src=\"https:\/\/36256ryd.se\/minnen\/wp-content\/uploads\/2021\/04\/Anna-Klementsson-1917-alt-18-300x281.jpg\" alt=\"\" class=\"wp-image-1271 size-full\" srcset=\"https:\/\/36256ryd.se\/minnen\/wp-content\/uploads\/2021\/04\/Anna-Klementsson-1917-alt-18-300x281.jpg 300w, https:\/\/36256ryd.se\/minnen\/wp-content\/uploads\/2021\/04\/Anna-Klementsson-1917-alt-18-768x719.jpg 768w, https:\/\/36256ryd.se\/minnen\/wp-content\/uploads\/2021\/04\/Anna-Klementsson-1917-alt-18-850x796.jpg 850w, https:\/\/36256ryd.se\/minnen\/wp-content\/uploads\/2021\/04\/Anna-Klementsson-1917-alt-18.jpg 936w\" sizes=\"auto, (max-width: 300px) 100vw, 300px\" \/><\/figure><div class=\"wp-block-media-text__content\">\n<p>Anna Klementsson har en &#8221;goivo-klahka&#8221; (en k\u00e4pp med en sk\u00e5l i \u00e4nden) i handen. <\/p>\n\n\n\n<p>V\u00e5rflytten 1917 ev 1918<\/p>\n<\/div><\/div>\n\n\n\n<p><\/p>\n\n\n\n<h3 class=\"wp-block-heading\">Minne fr\u00e5n en v\u00e5rkv\u00e4ll\u00a0<\/h3>\n\n\n\n<p>En t\u00e4ltk\u00e5ta var uppsatt vid en myr. Jag st\u00e5r utanf\u00f6r. Hela t\u00e4ltk\u00e5tan \u00e4r upplyst av elden d\u00e4r inne. Renhjorden har lagt sig till vila vid sidan om k\u00e5tan. Ovanf\u00f6r oss v\u00e4l vi ser den bl\u00e5 himlen bestr\u00f6dd med stj\u00e4rnor. Detta \u00e4r inte m\u00f6rkt, men inte heller ljust och \u00e4nd\u00e5 vill jag inte kalla det&nbsp;skymning.&nbsp;Detta tyst. Nej, inte riktigt. Man h\u00f6r ett svagt ljud fr\u00e5n huvudr\u00f6relser och&nbsp;&nbsp;idislandet&nbsp;fr\u00e5n renarna. Det \u00e4r fridfullt.&nbsp;<\/p>\n<p>Visningar: 121<\/p>","protected":false},"excerpt":{"rendered":"<p>&nbsp;Ett av mina f\u00f6rsta minnen \u00e4r hur jag och min bror \u00e4n nedb\u00e4ddade i en&nbsp;ackja.&nbsp;Jag i bak\u00e4ndan och framf\u00f6r mig med ansiktet mot mig sitter&hellip;<\/p>\n","protected":false},"author":1,"featured_media":0,"parent":59,"menu_order":1,"comment_status":"closed","ping_status":"closed","template":"","meta":{"ngg_post_thumbnail":0,"footnotes":""},"class_list":["post-1269","page","type-page","status-publish","hentry"],"_links":{"self":[{"href":"https:\/\/36256ryd.se\/minnen\/wp-json\/wp\/v2\/pages\/1269","targetHints":{"allow":["GET"]}}],"collection":[{"href":"https:\/\/36256ryd.se\/minnen\/wp-json\/wp\/v2\/pages"}],"about":[{"href":"https:\/\/36256ryd.se\/minnen\/wp-json\/wp\/v2\/types\/page"}],"author":[{"embeddable":true,"href":"https:\/\/36256ryd.se\/minnen\/wp-json\/wp\/v2\/users\/1"}],"replies":[{"embeddable":true,"href":"https:\/\/36256ryd.se\/minnen\/wp-json\/wp\/v2\/comments?post=1269"}],"version-history":[{"count":3,"href":"https:\/\/36256ryd.se\/minnen\/wp-json\/wp\/v2\/pages\/1269\/revisions"}],"predecessor-version":[{"id":1277,"href":"https:\/\/36256ryd.se\/minnen\/wp-json\/wp\/v2\/pages\/1269\/revisions\/1277"}],"up":[{"embeddable":true,"href":"https:\/\/36256ryd.se\/minnen\/wp-json\/wp\/v2\/pages\/59"}],"wp:attachment":[{"href":"https:\/\/36256ryd.se\/minnen\/wp-json\/wp\/v2\/media?parent=1269"}],"curies":[{"name":"wp","href":"https:\/\/api.w.org\/{rel}","templated":true}]}}