{"id":1278,"date":"2021-04-10T17:00:57","date_gmt":"2021-04-10T17:00:57","guid":{"rendered":"https:\/\/36256ryd.se\/minnen\/?page_id=1278"},"modified":"2021-04-10T17:24:58","modified_gmt":"2021-04-10T17:24:58","slug":"storbacken","status":"publish","type":"page","link":"https:\/\/36256ryd.se\/minnen\/doroteas-minen\/storbacken\/","title":{"rendered":"STORBACKEN"},"content":{"rendered":"\n<h2 class=\"wp-block-heading\">Farroken&nbsp;<\/h2>\n\n\n\n<p>Om detta \u00e4r samma v\u00e5r vi kommer till&nbsp;Farroken&nbsp;vet jag inte. D\u00e4r \u00e4r \u00e4nkan Maria&nbsp;Barruk&nbsp;med sonen Jonas. Han har en egen&nbsp;akkja&nbsp;som han \u00e5ker i backarna med. Troligtvis \u00e4r det h\u00e4r jag&nbsp;h\u00e4mtas&nbsp;med h\u00e4st och sl\u00e4de av min morbror Jonas&nbsp;Kristoffersson&nbsp;och hans hustru Margareta. Hur gammal jag \u00e4r vet jag inte.&nbsp;&nbsp;<\/p>\n\n\n\n<p>Minns att jag vaknade i en sl\u00e4de och \u00e4r alldeles ensam f\u00f6rutom en h\u00e4st som st\u00e5r och tuggar h\u00f6.&nbsp;Ser fj\u00e4ll och&nbsp;en&nbsp;k\u00e5ta som&nbsp; det ryker ur. Troligtvis skriker jag f\u00f6r&nbsp;Jimien&nbsp;kommer utrusande och&nbsp;b\u00e4r&nbsp;in mig till elden i k\u00e5tan. D\u00e4r \u00e4ter de och s\u00e4kert f\u00e5r jag mat fast jag inte minns. Inte&nbsp;minns&nbsp;jag heller hur vi kom till Storbacken. I alla fall var jag hos&nbsp;Jimien&nbsp;och&nbsp;J\u00f6nen&nbsp;p\u00e5 Storbacken tills jag b\u00f6rjade skolan.&nbsp;<\/p>\n\n\n\n<h2 class=\"wp-block-heading\">Storbacken&nbsp;<\/h2>\n\n\n\n<p>Det hade ett fj\u00e4lljordbruk med n\u00e5gra kor och getter, en h\u00e4st och f\u00e5r. Under somrarna gick korna och getterna sj\u00e4lva i skogen och betade det saftiga gr\u00e4set.&nbsp;N\u00e4r&nbsp;det blev mj\u00f6lk dags kom det hem f\u00f6r att mj\u00f6lkas. Det sl\u00e4pptes in i sommarladug\u00e5rden, fick en n\u00e4ve salt, smektes, mj\u00f6lkades och en eld t\u00e4ndes utanf\u00f6r d\u00f6rren f\u00f6r att r\u00f6ken skulle jaga bort mygg och knott.&nbsp;&nbsp;<br>P\u00e5 morgonen sl\u00e4pptes det ut igen efter morgonmj\u00f6lkningen. Det var roligt att vara med&nbsp;och&nbsp;kela med djuren. Dit kom ocks\u00e5 katten och fick&nbsp;spenvarm mj\u00f6lk. H\u00e4sten och f\u00e5ren gick i fj\u00e4llen tillsammans med grannarnas h\u00e4star och f\u00e5r och h\u00e4mtades f\u00f6rst n\u00e4r h\u00f6sten kom.&nbsp;<\/p>\n\n\n\n<div class=\"wp-block-media-text alignwide is-stacked-on-mobile\"><figure class=\"wp-block-media-text__media\"><img loading=\"lazy\" decoding=\"async\" width=\"1024\" height=\"658\" src=\"https:\/\/36256ryd.se\/minnen\/wp-content\/uploads\/2021\/04\/1916-17_resultat1.jpg\" alt=\"\" class=\"wp-image-1290 size-full\" srcset=\"https:\/\/36256ryd.se\/minnen\/wp-content\/uploads\/2021\/04\/1916-17_resultat1.jpg 1024w, https:\/\/36256ryd.se\/minnen\/wp-content\/uploads\/2021\/04\/1916-17_resultat1-300x193.jpg 300w, https:\/\/36256ryd.se\/minnen\/wp-content\/uploads\/2021\/04\/1916-17_resultat1-768x494.jpg 768w, https:\/\/36256ryd.se\/minnen\/wp-content\/uploads\/2021\/04\/1916-17_resultat1-850x546.jpg 850w\" sizes=\"auto, (max-width: 1024px) 100vw, 1024px\" \/><\/figure><div class=\"wp-block-media-text__content\">\n<p>Gammelstugan p\u00e5 Storbacken.<\/p>\n\n\n\n<p>Dorotea st\u00e5r och h\u00e5ller Jimien i handen. Freddy Engebrand p\u00e5 skinnet.<\/p>\n\n\n\n<p>Foto: Kristina Engebrand<\/p>\n<\/div><\/div>\n\n\n\n<h2 class=\"wp-block-heading\">Lekkamrater&nbsp;<\/h2>\n\n\n\n<p>Jag var ett ensamt barn, men minns inte att jag saknade kamrater. N\u00e5gon g\u00e5ng fick vi bes\u00f6k av grannarna. Det&nbsp;n\u00e4rmsta&nbsp;var tv\u00e5 barnrika familjer, 9 barn i varje. En del barn var n\u00e5got s\u00e5 n\u00e4r j\u00e4mn\u00e5riga med mig. P\u00e5 vintrarna \u00e5kte vi i backarna p\u00e5 br\u00e4dlappar och vad vi annars hittade. Det var bara det att flickorna var kl\u00e4dda i l\u00e5nga kjolar och utan byxor. F\u00f6r&nbsp;mig,&nbsp;som var kl\u00e4dd i bastanta l\u00e5nga vadmals byxor och&nbsp;kolt&nbsp;d\u00e4rtill, verkade det besv\u00e4rligt f\u00f6r dem att med bara stj\u00e4rtar sitta i sn\u00f6n. P\u00e5 somrarna hade vi stenar och kottar, pinnar och dylikt att tillg\u00e5. Vilka tillg\u00e5ngar! Inte saknade vi leksaker!&nbsp;<\/p>\n\n\n\n<p>Jag fick dock en g\u00e5ng, n\u00e4r&nbsp;J\u00f6nen&nbsp;hade varit p\u00e5 marknad i \u00c5sele, en tr\u00e4h\u00e4st p\u00e5 hjul som man kunde dra i ett sn\u00f6re.&nbsp;Fick ocks\u00e5 en dock av tyg med m\u00e5lat ansikte. Stora&nbsp;bl\u00e5&nbsp;\u00f6gon och r\u00f6d mun. I en liten l\u00e5da b\u00e4ddade jag ner henne och hade henne p\u00e5 golvet. En solig dag skulle pigan i huset k\u00e4rna sm\u00f6r. Gr\u00e4dden hade hon i en beh\u00e5llare p\u00e5 en st\u00e4llning som&nbsp;drogs&nbsp;runt med en vev. N\u00e4r dr\u00e4ngen kom in f\u00f6r&nbsp; f\u00f6rmiddagskaffet skulle han visa sig stark och manlig. Han ville hj\u00e4lpa pigan att dra. Det gjorde han med s\u00e5dan styrka och hast att locket fl\u00f6g upp och gr\u00e4dden sprutade runt rummet. En del \u00f6ver dockans ansikte. Vid reng\u00f6ringen f\u00f6rsvann all f\u00e4rgen.&nbsp;&nbsp;<br>N\u00e5ja! Kvar fanns dock tidningarna som klistras p\u00e5 v\u00e4ggarna som tapeter. D\u00e4r l\u00e4rde jag mig l\u00e4sa. En underbar uppt\u00e4ckt och en k\u00e4lla till stor gl\u00e4dje.&nbsp;<\/p>\n<p>Visningar: 155<\/p>","protected":false},"excerpt":{"rendered":"<p>Farroken&nbsp; Om detta \u00e4r samma v\u00e5r vi kommer till&nbsp;Farroken&nbsp;vet jag inte. D\u00e4r \u00e4r \u00e4nkan Maria&nbsp;Barruk&nbsp;med sonen Jonas. Han har en egen&nbsp;akkja&nbsp;som han \u00e5ker i backarna&hellip;<\/p>\n","protected":false},"author":1,"featured_media":0,"parent":59,"menu_order":2,"comment_status":"closed","ping_status":"closed","template":"","meta":{"ngg_post_thumbnail":0,"footnotes":""},"class_list":["post-1278","page","type-page","status-publish","hentry"],"_links":{"self":[{"href":"https:\/\/36256ryd.se\/minnen\/wp-json\/wp\/v2\/pages\/1278","targetHints":{"allow":["GET"]}}],"collection":[{"href":"https:\/\/36256ryd.se\/minnen\/wp-json\/wp\/v2\/pages"}],"about":[{"href":"https:\/\/36256ryd.se\/minnen\/wp-json\/wp\/v2\/types\/page"}],"author":[{"embeddable":true,"href":"https:\/\/36256ryd.se\/minnen\/wp-json\/wp\/v2\/users\/1"}],"replies":[{"embeddable":true,"href":"https:\/\/36256ryd.se\/minnen\/wp-json\/wp\/v2\/comments?post=1278"}],"version-history":[{"count":4,"href":"https:\/\/36256ryd.se\/minnen\/wp-json\/wp\/v2\/pages\/1278\/revisions"}],"predecessor-version":[{"id":1292,"href":"https:\/\/36256ryd.se\/minnen\/wp-json\/wp\/v2\/pages\/1278\/revisions\/1292"}],"up":[{"embeddable":true,"href":"https:\/\/36256ryd.se\/minnen\/wp-json\/wp\/v2\/pages\/59"}],"wp:attachment":[{"href":"https:\/\/36256ryd.se\/minnen\/wp-json\/wp\/v2\/media?parent=1278"}],"curies":[{"name":"wp","href":"https:\/\/api.w.org\/{rel}","templated":true}]}}