{"id":1404,"date":"2022-02-04T12:06:45","date_gmt":"2022-02-04T12:06:45","guid":{"rendered":"https:\/\/36256ryd.se\/minnen\/?page_id=1404"},"modified":"2022-02-04T13:42:53","modified_gmt":"2022-02-04T13:42:53","slug":"bomansvallen-i-gourtan","status":"publish","type":"page","link":"https:\/\/36256ryd.se\/minnen\/andra-minnen\/bomansvallen-i-gourtan\/","title":{"rendered":"BOMANSVALLEN I GOURTAN"},"content":{"rendered":"\n<figure class=\"wp-block-image size-full is-resized\"><img loading=\"lazy\" decoding=\"async\" src=\"https:\/\/36256ryd.se\/minnen\/wp-content\/uploads\/2022\/02\/Bomansvallen-Gourtan-Medel.png\" alt=\"\" class=\"wp-image-1406\" width=\"483\" height=\"333\" srcset=\"https:\/\/36256ryd.se\/minnen\/wp-content\/uploads\/2022\/02\/Bomansvallen-Gourtan-Medel.png 966w, https:\/\/36256ryd.se\/minnen\/wp-content\/uploads\/2022\/02\/Bomansvallen-Gourtan-Medel-300x207.png 300w, https:\/\/36256ryd.se\/minnen\/wp-content\/uploads\/2022\/02\/Bomansvallen-Gourtan-Medel-768x529.png 768w, https:\/\/36256ryd.se\/minnen\/wp-content\/uploads\/2022\/02\/Bomansvallen-Gourtan-Medel-850x586.png 850w\" sizes=\"auto, (max-width: 483px) 100vw, 483px\" \/><figcaption>Bomansvallen <\/figcaption><\/figure>\n\n\n\n<p><strong>Bomansvallen i Gourtan<\/strong><\/p>\n\n\n\n<p>Storbackens h\u00e4st g\u00e5r p\u00e5 sommarbete p\u00e5 Bomans vallen vid Gourtan. I detta hus bodde Olle Boman med sin stora familj. Dorotea bodde ju hos \u201cJ\u00f6nen och Jimmien\u201d p\u00e5 Storbacken till dess hon b\u00f6rjade skolan. De brukade fiska i sj\u00f6n, Gourtan och jag f\u00f6ljde med s\u00e5klart. De borde hos Bomans eller \u00e5tminstone rastade d\u00e4r. Jag minns inte s\u00e5 noga. Men jag minns att jag lekte med barnen och att det var mycket roligt. S\u00e4rskilt god v\u00e4n blev jag med j\u00e4mn\u00e5riga Maja. Thomas blev min klasskamrat i Skarvsj\u00f6by, nomadskola.<\/p>\n\n\n\n<p>Familjen uppl\u00f6stes mycket tragiskt. Pappan drunknade en sen h\u00f6stkv\u00e4ll n\u00e4r han var p\u00e5 hemv\u00e4g med b\u00e5t efter en post tur. Hans lik hittades inte f\u00f6rr\u00e4n 11 \u00e5r senare. D\u00e5 det fl\u00f6t i land nedan f\u00f6r h\u00e4llarna mellan F\u00e4ttjaure och Bergsund. Det h\u00f6r till saken att sj\u00f6n \u00e4r mycket djupt d\u00e4r utanf\u00f6r. Kroppen och kl\u00e4derna var v\u00e4lbevarade och till och med pengarna i b\u00f6rsen var anv\u00e4ndbara.<\/p>\n\n\n\n<p>Olle Boman var postb\u00e4rare mellan Dikan\u00e4s och Gielas med en tur i veckan. Vintertid \u00e5kte han skidor med sin tunga s\u00e4ck p\u00e5 ryggen. Sommartid var det l\u00e4ttare f\u00f6r d\u00e5 kunde han ro efter sj\u00f6arna. Han kunde ocks\u00e5 b\u00e4ra hem varor till hush\u00e5llen om orken dit till\u00e4t.<\/p>\n\n\n\n<p>Jag minns en vanlig fr\u00e5ga fr\u00e5n honom: \u201cSka je\u00a0 ha n\u00e5 lutpulver eller ska je ha n\u00e5n j\u00e4st?\u201d<\/p>\n\n\n\n<p>\/\/Dorotea Fj\u00e4llstr\u00f6m (Klementsson)<\/p>\n<p>Visningar: 111<\/p>","protected":false},"excerpt":{"rendered":"<p>Bomansvallen i Gourtan Storbackens h\u00e4st g\u00e5r p\u00e5 sommarbete p\u00e5 Bomans vallen vid Gourtan. I detta hus bodde Olle Boman med sin stora familj. Dorotea bodde&hellip;<\/p>\n","protected":false},"author":1,"featured_media":0,"parent":102,"menu_order":0,"comment_status":"closed","ping_status":"closed","template":"","meta":{"ngg_post_thumbnail":0,"footnotes":""},"class_list":["post-1404","page","type-page","status-publish","hentry"],"_links":{"self":[{"href":"https:\/\/36256ryd.se\/minnen\/wp-json\/wp\/v2\/pages\/1404","targetHints":{"allow":["GET"]}}],"collection":[{"href":"https:\/\/36256ryd.se\/minnen\/wp-json\/wp\/v2\/pages"}],"about":[{"href":"https:\/\/36256ryd.se\/minnen\/wp-json\/wp\/v2\/types\/page"}],"author":[{"embeddable":true,"href":"https:\/\/36256ryd.se\/minnen\/wp-json\/wp\/v2\/users\/1"}],"replies":[{"embeddable":true,"href":"https:\/\/36256ryd.se\/minnen\/wp-json\/wp\/v2\/comments?post=1404"}],"version-history":[{"count":3,"href":"https:\/\/36256ryd.se\/minnen\/wp-json\/wp\/v2\/pages\/1404\/revisions"}],"predecessor-version":[{"id":1410,"href":"https:\/\/36256ryd.se\/minnen\/wp-json\/wp\/v2\/pages\/1404\/revisions\/1410"}],"up":[{"embeddable":true,"href":"https:\/\/36256ryd.se\/minnen\/wp-json\/wp\/v2\/pages\/102"}],"wp:attachment":[{"href":"https:\/\/36256ryd.se\/minnen\/wp-json\/wp\/v2\/media?parent=1404"}],"curies":[{"name":"wp","href":"https:\/\/api.w.org\/{rel}","templated":true}]}}