{"id":1413,"date":"2022-02-16T16:53:49","date_gmt":"2022-02-16T16:53:49","guid":{"rendered":"https:\/\/36256ryd.se\/minnen\/?page_id=1413"},"modified":"2022-02-16T17:26:52","modified_gmt":"2022-02-16T17:26:52","slug":"kunglig-bjornjagare","status":"publish","type":"page","link":"https:\/\/36256ryd.se\/minnen\/kjell\/kunglig-bjornjagare\/","title":{"rendered":"KUNGLIG BJ\u00d6RNJ\u00c4GARE"},"content":{"rendered":"\n<p>Det var sen h\u00f6st i m\u00e5nadsskiftet november\/december 1933. Vintern hade kommit och sn\u00f6n l\u00e5g ganska djupt runt Svansj\u00f6landet. Jag bodde i k\u00e5tan i Stridsberg tillsammans med morfar, \u201cLill M\u00e5nke\u201d.<br>Jag hade f\u00e5tt ett meddelande fr\u00e5n jakt-tillsynspolisen, Albert Lindgren. Det var ett ganska kul meddelande f\u00f6r det g\u00e4llde en bj\u00f6rnjakt uppe i Svansj\u00f6landet. Jag k\u00e4nde till trakterna och alla bergknallar d\u00e4r en bj\u00f6rn kunde t\u00e4nkas g\u00e5 i ide f\u00f6r vintern. Trakten runt Risb\u00e4ck var k\u00e4nt som ett mycket rikt tillh\u00e5ll f\u00f6r bj\u00f6rn. Nu skulle l\u00e4nsstyrelsen ordna n\u00e5gonting roligt f\u00f6r v\u00e5r kronprins, Gustav IV Adolf. Landsh\u00f6vdingen h\u00f6ll i tr\u00e5darna.<\/p>\n\n\n\n<p>En tr\u00e5d gick till j\u00e4gm\u00e4staren i Doroteas skogsrevir som i sin tur fick kronoj\u00e4garen i Risb\u00e4ck att agera. Han i sin tur tog kontakt med jaktv\u00e5rdstillsyningsmannen, Albert Lindgren. Han trummar ihop ett jaktlag. Jag skulle tydligen vara bj\u00f6rnhunden i det laget.<\/p>\n\n\n\n<p>G\u00e4nget bestod av kronoj\u00e4gare, Karl Karlsson-Bo\u00e4ng , jaktpolisen, Albert Lindgren och ofr\u00e4lse, Olle N\u00e4slund. Bj\u00f6rnhund skulle jag vara. Jag \u00e5kte skidor till Risb\u00e4ck och d\u00e4r m\u00f6ttes vi.<\/p>\n\n\n\n<p>Kronoj\u00e4garen Karlsson gjorde allting s\u00e5 omst\u00e4ndligt. Han ordnad och grejade. Allt tog tid men s\u00e5 h\u00f6ll han ju p\u00e5 att organisera en st\u00f6rre jakt. Tillsynsmannen Lindgren hade sina bestyr att ordna. Olle N\u00e4slund och jag var jag aff\u00e4ren och provianterade.<\/p>\n\n\n\n<p>Kronoj\u00e4garen hade lejt g\u00e4stgivarskjuts. Frans Rissl\u00e9n i Risb\u00e4ck hade skjutsstation med h\u00e4st och rissla (l\u00e5ng sl\u00e4de). L\u00e5ngsl\u00e4den beh\u00f6vdes, f\u00f6r vi var m\u00e5nga och hade stor packning. Det blev en hel mil att \u00e5ka upp till Rissj\u00f6n. Vi tog av innan byn och b\u00f6rjade \u00e5ka skidor efter stigen mot Svansj\u00f6n. Det var djup sn\u00f6 och vi hade tunga ryggs\u00e4ckar s\u00e5 vi sj\u00f6nk ner halvv\u00e4gs till kn\u00e4na. Vi byttes om att sp\u00e5ra i t\u00e4ten och det var besv\u00e4rligt. Jag tyckte att det gick sakta uppf\u00f6r det ganska branta berget. Vi satt och vilade ibland. Under en brant backe tog vi en l\u00e4ngre vilopaus och \u00e5t sm\u00f6rg\u00e5s. Kronoj\u00e4garen b\u00f6rjade ber\u00e4tta om ett \u00e4ventyr han hade varit med om.<\/p>\n\n\n\n<p>\u201cNedanf\u00f6r backen d\u00e4r vi nu sitter m\u00f6tte jag och Alex Ritzen en bj\u00f6rnhona med tv\u00e5 ungar. Det \u00e4r nog 11 \u00e5r sedan och i slutet av april. Vi var p\u00e5 v\u00e4g till \u201dLill M\u00e5nke\u201d i Svansj\u00f6n d\u00e4r vi skulle st\u00e4mpla lite virke som han skulle timra en ladug\u00e5rd av. Det var tungt f\u00f6re, sur bl\u00f6tsn\u00f6. H\u00e4r besl\u00f6t vi oss f\u00f6r att koka kaffe, vila och \u00e4ta. Vi hade lagt av oss packningen och valt ut en eldplats. Alex skulle h\u00e4mta vatten i en liten b\u00e4ck ett stycke \u00f6st \u00f6ver och jag skulle samla lite ved. D\u00e5 jag h\u00f6ll p\u00e5 att bryta kvistar under en gran h\u00f6rde jag ett oherrans vr\u00e5lande ett litet stycke l\u00e4ngre v\u00e4sterut men ganska n\u00e4ra att d\u00e4r jag stod. N\u00e4r jag tittade upp s\u00e5g jag en stor bj\u00f6rnhona som stod p\u00e5 tv\u00e5 ben och f\u00e4ktade och vr\u00e5lade. Jag s\u00e5g tv\u00e5 ungar som bj\u00f6rnhonan nu h\u00f6ll p\u00e5 att jaga upp en gran. Jag stod panikslagen och s\u00e5g p\u00e5 n\u00e5gra sekunder. Snabbt v\u00e4nde jag skidorna och \u00e5kte tillbaka till eldplatsen. Alex kom just med kaffepannan och hade h\u00f6rt uppst\u00e5ndelsen. F\u00f6rskr\u00e4mda stod vi nu d\u00e4r och undrade vad som skulle bli av detta.<\/p>\n\n\n\n<p>Vi skyndade oss att packa grejorna ryggs\u00e4ckarna. Bakom tr\u00e4den fortsatte rytandet och vi h\u00f6rde kvistar som kn\u00e4cktes. Jag hade alltid med mig min tj\u00e4nstepistol i ryggs\u00e4cken. Det var en Arm Browning 9 millimeters pistol. Jag hade bara provskjutit pistolen ett par g\u00e5nger. Vi funderade p\u00e5 om jag skulle skjuta p\u00e5 ett skr\u00e4mskott f\u00f6r det sm\u00e4llde ju ganska bra. Bj\u00f6rnen kanske skulle bli r\u00e4dd och f\u00f6rsvinna.<\/p>\n\n\n\n<p>Jag sk\u00f6t ett par skott i luften och det ekade i skogen. Nu blev det dubbelt s\u00e5 mycket v\u00e4sen fr\u00e5n bj\u00f6rnen bortom granarna. Vi besl\u00f6t oss f\u00f6r att snabbt skida d\u00e4rifr\u00e5n. D\u00e5 vi inte kunde skida uppf\u00f6r backen tog vi \u00f6sterut under berget. S\u00e5 sm\u00e5ningom vek vi av norrut mot Svansj\u00f6n. Det blev en svettig tur innan vi n\u00e5dde fram till stugan.\u201d<\/p>\n\n\n\n<p><em>Jag minns den d\u00e4r kv\u00e4llen i april n\u00e4r de b\u00e5da kom tr\u00f6tta, hungriga, bl\u00f6ta och svettiga och ber\u00e4ttade om \u00e4ventyret. Det var ju tur att bj\u00f6rnhonan hade s\u00e5nt bestyr med ungarna att hon inte hann skr\u00e4mma m\u00e4nniskorna. Vi kunde bara konstatera att de haft en v\u00e4ldig tur.<\/em><\/p>\n\n\n\n<p>Efter rasten fortsatte vi det tunga skidsp\u00e5randet och var efter en timme uppe p\u00e5 h\u00f6gplat\u00e5n. H\u00e4r kom de stora myrarna som vi m\u00e5ste ta oss \u00f6ver innan vi kom till \u201cLill M\u00e5nkes\u201d stuga i Svansj\u00f6n.<\/p>\n\n\n\n<p>Det s\u00e5g v\u00e4ldigt \u00f6dsligt ut n\u00e4r vi kom fram. Det var en stor sn\u00f6driva framf\u00f6r d\u00f6rren och \u00e4ven upp mot f\u00f6nsterrutorna. Runt omkring p\u00e5 de \u00f6ppna f\u00e4lten s\u00e5g jag sp\u00e5r av harar och \u201clekatt\u201d. Det fanns \u00e4ven gott om ripsp\u00e5r. En skyffel h\u00e4ngde p\u00e5 en stor spik innanf\u00f6r d\u00f6rren. Vi skottade bort sn\u00f6n fr\u00e5n bron och f\u00f6nstren och gick in i huset. Jag tyckte det k\u00e4ndes trist att komma in d\u00e4r jag tidigare bott med farmor och farfar. Det k\u00e4ndes kallt och fr\u00e4mmande.<br>Det var snyggt och st\u00e4dat. Uppe p\u00e5 k\u00f6kshyllorna stod tomburkar, n\u00e5gra v\u00e4nda upp och ner. P\u00e5 b\u00e4nken stod tv\u00e5 zinkbyttor upp och ner. Det var vattenhinkarna som man tog vatten ifr\u00e5n b\u00e4cken med. N\u00e5gra kaffekoppar stod i ett av h\u00f6rnen och sockersk\u00e5len var tom. P\u00e5 en st\u00e5ng under taket h\u00e4ngde n\u00e5gra renskinn, en f\u00e4ll samt n\u00e5gra filtar. D\u00e4r uppe kom inte m\u00f6ssen \u00e5t att tugga s\u00f6nder kl\u00e4derna. Framme vid v\u00e4ggen stod en utdragss\u00e4ng. Den hade varit m\u00e5lad i en bl\u00e5 f\u00e4rg men nu var den flagnad. Den hade fint snickrat bakstycke.<br>Framf\u00f6r f\u00f6nstret mot s\u00f6der stod ett stort stabilt bord med en kraftig bordsl\u00e5da. Bordet var m\u00e5lat i samma bl\u00e5 f\u00e4rg som s\u00e4ngen. Vid \u00f6stra v\u00e4ggen mot h\u00f6rnet stod en ganska liten s\u00e4ng. Den hade normal bredd men var kort. Det var \u201dLill M\u00e5nkes\u201d s\u00e4ng. P\u00e5 \u00f6stra v\u00e4ggen fanns ocks\u00e5 ett stort f\u00f6nster med breda f\u00f6nsterb\u00e5gar.<\/p>\n\n\n\n<p>P\u00e5 en v\u00e4gg i huset satt en mycket vacker renhornkrona. Den var tagen tidigt p\u00e5 v\u00e5ren medan basthuden t\u00e4ckte hela hornkronan. I hornkronan hade Lill M\u00e5nke sitt gev\u00e4r. D\u00e4r den \u00f6ppna spisen stod fanns tidigare en Husqvarna kokspis i j\u00e4rn. Nu var det endast en sn\u00f6driva d\u00e4r. Vedl\u00e5ren var inte tom men beh\u00f6vde fyllas p\u00e5.<\/p>\n\n\n\n<p>Albert Lindgren tog bef\u00e4let och skickade ut oss alla att utf\u00f6ra olika sysslor. Vatten h\u00e4mtades i b\u00e4cken och ved ifr\u00e5n vedboden. Eld gjordes upp i den \u00f6ppna spisen och det r\u00f6k in s\u00e5 ett f\u00f6nster m\u00e5ste \u00f6ppnas. N\u00e4r allt var ordnat och elden brann kokade vi kaffe. Sedan satt vi d\u00e4r och hade det ganska gott. Alla satt och pratade och sk\u00e4mtade. Gamle kronoj\u00e4garen s\u00e5g ut att trivas. Olle sade inte mycket utan \u00e5t mest hela tiden. Jag satt och iakttog s\u00e4llskapet och funderade.<\/p>\n\n\n\n<p>Veden tog slut och vi var tvungna att h\u00e4mta mer. Jag f\u00f6reslog att vi skulle ta ur g\u00e4rdsg\u00e5rden f\u00f6r den hade ramlat s\u00f6nder och skulle nu vara utm\u00e4rkt ved. Veden f\u00f6r natten fixades snabbt.<\/p>\n\n\n\n<p>Lite senare hade vi \u00e4tit kv\u00e4llsmat och kunde krypa till kojs. Jag anv\u00e4nde ren skinnen i min s\u00e4ng och de andra hade sovs\u00e4ckar med sig.<\/p>\n\n\n\n<p>Albert hade med sig en bok som han l\u00e4ste h\u00f6gt ur. Det handlade om n\u00e5gon som suttit i ryskt f\u00e5ngl\u00e4ger. Vi l\u00e5g och lyssnade i eldens sken. Kronoj\u00e4garen blev uppr\u00f6rd flera g\u00e5nger av den bryska behandlingen f\u00e5ngarna f\u00e5tt.<\/p>\n\n\n\n<p>P\u00e5 morgonen var alla pigga och hade sovit gott trots kylan i huset. Uppgiften f\u00f6r dagen var att hitta och ringa in en bj\u00f6rn.<\/p>\n\n\n\n<p>Jag och Erik Johansson i Rissj\u00f6n hade varit h\u00e4r uppe m\u00e5nga g\u00e5nger. Det var mer \u00e4n en g\u00e5ng som jag hj\u00e4lpt Erik att b\u00e4ra ner k\u00f6tt fr\u00e5n b\u00e5de bj\u00f6rn och \u00e4lg. Han hade aldrig blivit p\u00e5kommen men kallades tjuvj\u00e4gare trots bristen p\u00e5 bevis. Om han hade blivit anst\u00e4lld ist\u00e4llet f\u00f6r mig hade s\u00e4kert en bj\u00f6rn hittats. Jag sk\u00e4mdes f\u00f6r att jag hade l\u00e5tit mig anst\u00e4llas f\u00f6r en s\u00e5dan h\u00e4r jakt.<\/p>\n\n\n\n<figure class=\"wp-block-image size-full\"><img loading=\"lazy\" decoding=\"async\" width=\"467\" height=\"584\" src=\"https:\/\/36256ryd.se\/minnen\/wp-content\/uploads\/2022\/02\/Bjornjakt-2_resultat.jpg\" alt=\"\" class=\"wp-image-1414\" srcset=\"https:\/\/36256ryd.se\/minnen\/wp-content\/uploads\/2022\/02\/Bjornjakt-2_resultat.jpg 467w, https:\/\/36256ryd.se\/minnen\/wp-content\/uploads\/2022\/02\/Bjornjakt-2_resultat-240x300.jpg 240w, https:\/\/36256ryd.se\/minnen\/wp-content\/uploads\/2022\/02\/Bjornjakt-2_resultat-300x375.jpg 300w\" sizes=\"auto, (max-width: 467px) 100vw, 467px\" \/><figcaption>Erik Johansson, Mellan-Rissj\u00f6n, har skjutit en bj\u00f6rn. 1930-talet<\/figcaption><\/figure>\n\n\n\n<p>Skidf\u00f6ret var lite b\u00e4ttre denna dag och vi gav oss iv\u00e4g \u00f6sterut. Jag k\u00e4nde v\u00e4l till omr\u00e5det och hade sett bj\u00f6rnide d\u00e4r mer \u00e4n en g\u00e5ng. Jag hade l\u00e4tt att ta mig fram men det var v\u00e4rre f\u00f6r det andra. V\u00e4rst var det f\u00f6r Karlsson f\u00f6r han var liten och rund. Olle fick ofta hj\u00e4lpa honom. Han for ibland huvudstupa in i sm\u00e5 h\u00e5lor och han svor \u00f6ver den d\u00e5liga terr\u00e4ngen.<\/p>\n\n\n\n<p>Vi uppt\u00e4ckte m\u00e5nga bj\u00f6rnkl\u00f6sta stammar. Tanken var att hitta en bj\u00f6rn i ett ide och d\u00e5 skr\u00e4mma upp honom. Bj\u00f6rnen skulle sedan f\u00e5 krypa in i ett nytt ide och d\u00e4r skulle jakts\u00e4llskapet sedan l\u00e4tt kunna skjuta den. Vi irrade omkring i den d\u00e5liga terr\u00e4ngen \u00e4nda till kv\u00e4llningen d\u00e5 vi \u00e5terv\u00e4nde till Svansj\u00f6stugan. Hela jaktf\u00e4rden k\u00e4ndes som ett misslyckande i mina \u00f6gon.<\/p>\n\n\n\n<p>L\u00e5ngt senare fick jag en postanvisning p\u00e5 137 kr ifr\u00e5n l\u00e4nsstyrelsen i V\u00e4sterbottens l\u00e4n. P\u00e5 avin stod det att det var l\u00f6n f\u00f6r \u201ckunglig bj\u00f6rnjakt\u201d. Tyv\u00e4rr har jag tappat bort avin men k\u00e4nner \u00e4nd\u00e5 att jag har varit &#8221;kunglig bj\u00f6rnj\u00e4gare&#8221;.<\/p>\n<p>Visningar: 99<\/p>","protected":false},"excerpt":{"rendered":"<p>Det var sen h\u00f6st i m\u00e5nadsskiftet november\/december 1933. Vintern hade kommit och sn\u00f6n l\u00e5g ganska djupt runt Svansj\u00f6landet. Jag bodde i k\u00e5tan i Stridsberg tillsammans&hellip;<\/p>\n","protected":false},"author":1,"featured_media":0,"parent":128,"menu_order":3,"comment_status":"closed","ping_status":"closed","template":"","meta":{"ngg_post_thumbnail":0,"footnotes":""},"class_list":["post-1413","page","type-page","status-publish","hentry"],"_links":{"self":[{"href":"https:\/\/36256ryd.se\/minnen\/wp-json\/wp\/v2\/pages\/1413","targetHints":{"allow":["GET"]}}],"collection":[{"href":"https:\/\/36256ryd.se\/minnen\/wp-json\/wp\/v2\/pages"}],"about":[{"href":"https:\/\/36256ryd.se\/minnen\/wp-json\/wp\/v2\/types\/page"}],"author":[{"embeddable":true,"href":"https:\/\/36256ryd.se\/minnen\/wp-json\/wp\/v2\/users\/1"}],"replies":[{"embeddable":true,"href":"https:\/\/36256ryd.se\/minnen\/wp-json\/wp\/v2\/comments?post=1413"}],"version-history":[{"count":5,"href":"https:\/\/36256ryd.se\/minnen\/wp-json\/wp\/v2\/pages\/1413\/revisions"}],"predecessor-version":[{"id":1422,"href":"https:\/\/36256ryd.se\/minnen\/wp-json\/wp\/v2\/pages\/1413\/revisions\/1422"}],"up":[{"embeddable":true,"href":"https:\/\/36256ryd.se\/minnen\/wp-json\/wp\/v2\/pages\/128"}],"wp:attachment":[{"href":"https:\/\/36256ryd.se\/minnen\/wp-json\/wp\/v2\/media?parent=1413"}],"curies":[{"name":"wp","href":"https:\/\/api.w.org\/{rel}","templated":true}]}}