{"id":1495,"date":"2024-01-03T12:21:19","date_gmt":"2024-01-03T12:21:19","guid":{"rendered":"https:\/\/36256ryd.se\/minnen\/?page_id=1495"},"modified":"2025-07-30T08:49:20","modified_gmt":"2025-07-30T08:49:20","slug":"skolminne-fran-skarvsjo","status":"publish","type":"page","link":"https:\/\/36256ryd.se\/minnen\/kjell\/skolminne-fran-skarvsjo\/","title":{"rendered":"SKOLMINNE"},"content":{"rendered":"\n<p>Ett av Kjells skolminnen<\/p>\n\n\n\n<h2 class=\"wp-block-heading\"><strong>\u201d Skola brinn s\u00e5 nu f\u00e5r vi fara himm\u201d<\/strong><\/h2>\n\n\n\n<p>Den kommentaren gav Jonke Larsson fr\u00e5n F\u00e4ttjaure, 7 \u00e5r gammal, d\u00e5 nomadskolan i Skarvsj\u00f6by brann. Skolhuset hade tagit eld och det brann i taket. Skolungarna hade hastigt och lustigt f\u00e5tt springa ut p\u00e5 g\u00e5rdsplanen. Det \u00e4r kallt ute, n\u00e4rmare minus 20 grader. Nu st\u00e5r Jonke d\u00e4r och h\u00e5ller sina l\u00e5ngkalsonger med h\u00e4nderna och titta p\u00e5 elden som brinner i taket. Han k\u00e4nner sig glad och tror att \u201dnu f\u00e5r vi fara hem\u201d.<\/p>\n\n\n\n<p>Jonke Larsson \u00e4r f\u00f6dd cirka 1920 s\u00e5 det \u00e4r l\u00e4nge sedan skolan brann. Han lever \u00e4nnu 1993. Han hade ganska m\u00e5nga renar och s\u00e5lde dom i \u00e5r till Torkel Stinnerbom i Kittelfj\u00e4ll.&nbsp; Jonke bor fortfarande i F\u00e4ttjaure.<\/p>\n<p>Visningar: 86<\/p>","protected":false},"excerpt":{"rendered":"<p>Ett av Kjells skolminnen \u201d Skola brinn s\u00e5 nu f\u00e5r vi fara himm\u201d Den kommentaren gav Jonke Larsson fr\u00e5n F\u00e4ttjaure, 7 \u00e5r gammal, d\u00e5 nomadskolan&hellip;<\/p>\n","protected":false},"author":1,"featured_media":0,"parent":128,"menu_order":0,"comment_status":"closed","ping_status":"closed","template":"","meta":{"ngg_post_thumbnail":0,"footnotes":""},"class_list":["post-1495","page","type-page","status-publish","hentry"],"_links":{"self":[{"href":"https:\/\/36256ryd.se\/minnen\/wp-json\/wp\/v2\/pages\/1495","targetHints":{"allow":["GET"]}}],"collection":[{"href":"https:\/\/36256ryd.se\/minnen\/wp-json\/wp\/v2\/pages"}],"about":[{"href":"https:\/\/36256ryd.se\/minnen\/wp-json\/wp\/v2\/types\/page"}],"author":[{"embeddable":true,"href":"https:\/\/36256ryd.se\/minnen\/wp-json\/wp\/v2\/users\/1"}],"replies":[{"embeddable":true,"href":"https:\/\/36256ryd.se\/minnen\/wp-json\/wp\/v2\/comments?post=1495"}],"version-history":[{"count":3,"href":"https:\/\/36256ryd.se\/minnen\/wp-json\/wp\/v2\/pages\/1495\/revisions"}],"predecessor-version":[{"id":1550,"href":"https:\/\/36256ryd.se\/minnen\/wp-json\/wp\/v2\/pages\/1495\/revisions\/1550"}],"up":[{"embeddable":true,"href":"https:\/\/36256ryd.se\/minnen\/wp-json\/wp\/v2\/pages\/128"}],"wp:attachment":[{"href":"https:\/\/36256ryd.se\/minnen\/wp-json\/wp\/v2\/media?parent=1495"}],"curies":[{"name":"wp","href":"https:\/\/api.w.org\/{rel}","templated":true}]}}