{"id":1719,"date":"2025-07-17T13:36:35","date_gmt":"2025-07-17T13:36:35","guid":{"rendered":"https:\/\/36256ryd.se\/minnen\/?page_id=1719"},"modified":"2025-07-17T13:48:21","modified_gmt":"2025-07-17T13:48:21","slug":"en-stold-i-atostugan","status":"publish","type":"page","link":"https:\/\/36256ryd.se\/minnen\/doroteas-minen\/en-stold-i-atostugan\/","title":{"rendered":"EN ST\u00d6LD I ATOSTUGAN"},"content":{"rendered":"\n<p>Denna \u201dgesto\u201d (Spann eller skrin p\u00e5 svenska) har jag f\u00e5tt av mina f\u00f6r\u00e4ldrar f\u00f6r l\u00e4nge sedan? Jag tycks minnas att det var p\u00e5 b\u00f6rjan av 1930-talet. Den stod i Atostugan och l\u00e4mnades kvar d\u00e4r under vintrarna medan familjen var i \u201dvinterlandet\u201d. I \u201dgeston\u201d f\u00f6rvarades silver och andra v\u00e4rdef\u00f6rem\u00e5l.<\/p>\n\n\n\n<figure class=\"wp-block-image size-large\"><img loading=\"lazy\" decoding=\"async\" width=\"1024\" height=\"771\" src=\"https:\/\/36256ryd.se\/minnen\/wp-content\/uploads\/2025\/07\/PXL_20250717_1244504571-1024x771.jpg\" alt=\"\" class=\"wp-image-1720\" srcset=\"https:\/\/36256ryd.se\/minnen\/wp-content\/uploads\/2025\/07\/PXL_20250717_1244504571-1024x771.jpg 1024w, https:\/\/36256ryd.se\/minnen\/wp-content\/uploads\/2025\/07\/PXL_20250717_1244504571-300x226.jpg 300w, https:\/\/36256ryd.se\/minnen\/wp-content\/uploads\/2025\/07\/PXL_20250717_1244504571-768x578.jpg 768w, https:\/\/36256ryd.se\/minnen\/wp-content\/uploads\/2025\/07\/PXL_20250717_1244504571-1536x1157.jpg 1536w, https:\/\/36256ryd.se\/minnen\/wp-content\/uploads\/2025\/07\/PXL_20250717_1244504571-2048x1542.jpg 2048w\" sizes=\"auto, (max-width: 1024px) 100vw, 1024px\" \/><\/figure>\n\n\n\n<p>Vintern 1932 hade det varit inbrott i stuga. En passerande ripj\u00e4gare som \u00f6vernattade i stugan uppt\u00e4ckte och rapporterade det. Jag bodde hos \u201dpastor Karlsson\u201d i T\u00e4rnaby denna vinter och polisen bodde i Str\u00f6m. Polisens fru ringde mig och hon var mycket uppr\u00f6rd n\u00e4r hon ber\u00e4ttade om det hela.<\/p>\n\n\n\n<p>I trakterna vandrade en man som brukade kallas \u201dLill-skr\u00e4ddaren\u201d. Han livn\u00e4rde sig som skr\u00e4ddare. Stannade hos folk h\u00e4r och d\u00e4r medan han arbetade och \u00e5t dem. Dock verkar det som om han haft en bisyssla och bland annat gjort ett och annat inbrott. I Autostugan hade han hittat \u201dgeston\u201d, v\u00e4nt upp och ner p\u00e5 den samt huggit s\u00f6nder botten. Silvret, en herrklocka och en dela andra v\u00e4rdef\u00f6rem\u00e5l stals.<\/p>\n\n\n\n<figure class=\"wp-block-image size-large\"><img loading=\"lazy\" decoding=\"async\" width=\"1024\" height=\"771\" src=\"https:\/\/36256ryd.se\/minnen\/wp-content\/uploads\/2025\/07\/PXL_20250717_1247260681-1024x771.jpg\" alt=\"\" class=\"wp-image-1721\" srcset=\"https:\/\/36256ryd.se\/minnen\/wp-content\/uploads\/2025\/07\/PXL_20250717_1247260681-1024x771.jpg 1024w, https:\/\/36256ryd.se\/minnen\/wp-content\/uploads\/2025\/07\/PXL_20250717_1247260681-300x226.jpg 300w, https:\/\/36256ryd.se\/minnen\/wp-content\/uploads\/2025\/07\/PXL_20250717_1247260681-768x578.jpg 768w, https:\/\/36256ryd.se\/minnen\/wp-content\/uploads\/2025\/07\/PXL_20250717_1247260681-1536x1156.jpg 1536w, https:\/\/36256ryd.se\/minnen\/wp-content\/uploads\/2025\/07\/PXL_20250717_1247260681.jpg 1902w\" sizes=\"auto, (max-width: 1024px) 100vw, 1024px\" \/><figcaption class=\"wp-element-caption\">De runda &#8221;gummipluttarna&#8221; \u00e4r ditsatta f\u00f6r att inte repa golvet.<\/figcaption><\/figure>\n\n\n\n<p>&nbsp;Tjuven \u00e5kte fast och n\u00e4stan allt stulet \u00e5terfanns och l\u00e4mnas tillbaka.<\/p>\n\n\n\n<figure class=\"wp-block-image size-large\"><img loading=\"lazy\" decoding=\"async\" width=\"909\" height=\"1024\" src=\"https:\/\/36256ryd.se\/minnen\/wp-content\/uploads\/2025\/07\/PXL_20250717_1245575461-909x1024.jpg\" alt=\"\" class=\"wp-image-1722\" srcset=\"https:\/\/36256ryd.se\/minnen\/wp-content\/uploads\/2025\/07\/PXL_20250717_1245575461-909x1024.jpg 909w, https:\/\/36256ryd.se\/minnen\/wp-content\/uploads\/2025\/07\/PXL_20250717_1245575461-266x300.jpg 266w, https:\/\/36256ryd.se\/minnen\/wp-content\/uploads\/2025\/07\/PXL_20250717_1245575461-768x865.jpg 768w, https:\/\/36256ryd.se\/minnen\/wp-content\/uploads\/2025\/07\/PXL_20250717_1245575461.jpg 1238w\" sizes=\"auto, (max-width: 909px) 100vw, 909px\" \/><\/figure>\n\n\n\n<p>Enligt Axel Fj\u00e4llstr\u00f6m var \u201dLill-skr\u00e4ddaren\u201d fr\u00e5n T\u00e5sj\u00f6 och hette Axel Olsson. Han bodde i Dikan\u00e4s och hade en sambo som hette Nanny och var fr\u00e5n Bergland.<\/p>\n<p>Visningar: 34<\/p>","protected":false},"excerpt":{"rendered":"<p>Denna \u201dgesto\u201d (Spann eller skrin p\u00e5 svenska) har jag f\u00e5tt av mina f\u00f6r\u00e4ldrar f\u00f6r l\u00e4nge sedan? Jag tycks minnas att det var p\u00e5 b\u00f6rjan av&hellip;<\/p>\n","protected":false},"author":1,"featured_media":0,"parent":59,"menu_order":9,"comment_status":"closed","ping_status":"closed","template":"","meta":{"ngg_post_thumbnail":0,"footnotes":""},"class_list":["post-1719","page","type-page","status-publish","hentry"],"_links":{"self":[{"href":"https:\/\/36256ryd.se\/minnen\/wp-json\/wp\/v2\/pages\/1719","targetHints":{"allow":["GET"]}}],"collection":[{"href":"https:\/\/36256ryd.se\/minnen\/wp-json\/wp\/v2\/pages"}],"about":[{"href":"https:\/\/36256ryd.se\/minnen\/wp-json\/wp\/v2\/types\/page"}],"author":[{"embeddable":true,"href":"https:\/\/36256ryd.se\/minnen\/wp-json\/wp\/v2\/users\/1"}],"replies":[{"embeddable":true,"href":"https:\/\/36256ryd.se\/minnen\/wp-json\/wp\/v2\/comments?post=1719"}],"version-history":[{"count":4,"href":"https:\/\/36256ryd.se\/minnen\/wp-json\/wp\/v2\/pages\/1719\/revisions"}],"predecessor-version":[{"id":1729,"href":"https:\/\/36256ryd.se\/minnen\/wp-json\/wp\/v2\/pages\/1719\/revisions\/1729"}],"up":[{"embeddable":true,"href":"https:\/\/36256ryd.se\/minnen\/wp-json\/wp\/v2\/pages\/59"}],"wp:attachment":[{"href":"https:\/\/36256ryd.se\/minnen\/wp-json\/wp\/v2\/media?parent=1719"}],"curies":[{"name":"wp","href":"https:\/\/api.w.org\/{rel}","templated":true}]}}