{"id":185,"date":"2021-02-23T21:15:08","date_gmt":"2021-02-23T21:15:08","guid":{"rendered":"https:\/\/minnen.36256ryd.se\/?page_id=185"},"modified":"2025-02-12T11:15:03","modified_gmt":"2025-02-12T11:15:03","slug":"minnen-fran-svansjon","status":"publish","type":"page","link":"https:\/\/36256ryd.se\/minnen\/kjell\/minnen-fran-svansjon\/","title":{"rendered":"MINNEN FR\u00c5N SVANSJ\u00d6N"},"content":{"rendered":"\n<figure class=\"wp-block-image size-large\"><img loading=\"lazy\" decoding=\"async\" width=\"750\" height=\"768\" src=\"https:\/\/36256ryd.se\/minnen\/wp-content\/uploads\/2021\/02\/cover.jpg\" alt=\"\" class=\"wp-image-387\" srcset=\"https:\/\/36256ryd.se\/minnen\/wp-content\/uploads\/2021\/02\/cover.jpg 750w, https:\/\/36256ryd.se\/minnen\/wp-content\/uploads\/2021\/02\/cover-293x300.jpg 293w, https:\/\/36256ryd.se\/minnen\/wp-content\/uploads\/2021\/02\/cover-300x307.jpg 300w\" sizes=\"auto, (max-width: 750px) 100vw, 750px\" \/><\/figure>\n\n\n\n<p><em>Min far, Kjell Fj\u00e4llstr\u00f6m, har under alla tider ber\u00e4ttat om sin uppv\u00e4xt och levnad. Som liten pojke l\u00e5g jag ofta bakom hans rygg p\u00e5 kv\u00e4llen, innan det var dags att sova, och lyssnade p\u00e5 hans ber\u00e4ttelser. Det var som riktiga \u00e4ventyr och det var sp\u00e4nnande att h\u00f6ra om lekar, jakter och om livet hos Lill-M\u00e5nke och Aahka i Svansj\u00f6n.<\/em><\/p>\n\n\n\n<p><em>Hur allt h\u00e4ngde ihop har inte varit l\u00e4tt att f\u00f6rst\u00e5. Pappa brukade ofta ligga och fundera och han skrev ofta ner tankar och id\u00e9er.<\/em><\/p>\n\n\n\n<p><em>Efter hans d\u00f6d hittade jag m\u00e5nga nedskrivna ber\u00e4ttelser om hans liv. Allt fr\u00e5n uppv\u00e4xten i Svansj\u00f6n, skolg\u00e5ngen i B\u00e4sksele, jobbet som rengetare p\u00e5 fj\u00e4llet, skogshuggare, mobiliserad soldat under www II och sj\u00f6man till verkm\u00e4stare p\u00e5 en f\u00e4rgfabrik i Sk\u00e5ne.<\/em><\/p>\n\n\n\n<p><em>Det jag nu \u00e5terger \u00e4r utdrag fr\u00e5n de anteckningar han gjorde under 1960-talet. Det har inte varit l\u00e4tt att kronologiskt f\u00f6lja ber\u00e4ttelsen och v\u00e4lja det som skall n\u00e4mnas.<\/em><\/p>\n\n\n\n<p><em>Kjell v\u00e4xte upp hos morfar och mormor i v\u00e4gl\u00f6st land, s\u00f6der om Gitsfj\u00e4llet fr\u00e5n ett \u00e5rs \u00e5lder 1917 till 1930-talets slut. Kanske finner ni som jag att han har upplevt en fantastisk uppv\u00e4xt samt gjort en kulturg\u00e4rning genom att f\u00f6rs\u00f6ka ber\u00e4tta om det.<\/em><\/p>\n\n\n\n<p><em>Ryd 2021<br>Dan Fj\u00e4llstr\u00f6m<\/em><\/p>\n\n\n\n<p>Utgiven under Creative Commons-licens: BY NC ND EU<\/p>\n\n\n\n<p>ISBN 978-91-519-8685-2<\/p>\n\n\n\n<h2 class=\"wp-block-heading\">Ladda ner och l\u00e4s&#8230;..<\/h2>\n\n\n\n<p>Minnen fr\u00e5n Svansj\u00f6n 1916-1932, livet som &#8221;rengetare&#8221; och livet som mobiliserad soldat 1939-1940 <\/p>\n\n\n\n<div class=\"wp-block-file\"><a id=\"wp-block-file--media-76aea3a5-8033-4a9e-8f44-eb96931557d8\" href=\"https:\/\/36256ryd.se\/minnen\/wp-content\/uploads\/2023\/02\/Minnen-fran-Svansjon-Dan-Fjallstrom.zip\">Minnen fran Svansjon &#8211; Dan Fjallstrom<\/a><a href=\"https:\/\/36256ryd.se\/minnen\/wp-content\/uploads\/2023\/02\/Minnen-fran-Svansjon-Dan-Fjallstrom.zip\" class=\"wp-block-file__button wp-element-button\" download aria-describedby=\"wp-block-file--media-76aea3a5-8033-4a9e-8f44-eb96931557d8\">Ladda ner<\/a><\/div>\n\n\n\n<p><em>Begr\u00e4nsningar hos webhotellet g\u00f6r att E-boken \u00e4r uppladdad i zip-format. F\u00f6r att ta del av boken m\u00e5ste den f\u00f6rst laddas  ner p\u00e5 datorn och sedan packas upp. Det finns m\u00e5nga program som g\u00f6r detta och jag anv\u00e4nder 7-zip vilket \u00e4r gratis och fungerar v\u00e4l. Har du Windows i datorn finns programmet i Windows Store f\u00f6r nedladdning. Det finns ocks\u00e5 att ladda ner fr\u00e5n hemsidan <a rel=\"noreferrer noopener\" href=\"https:\/\/www.7-zip.org\/download.html\" target=\"_blank\">https:\/\/www.7-zip.org\/download.html<\/a>.<\/em><\/p>\n\n\n\n<p><em>E-boken kan l\u00e4sas p\u00e5 smartphone, surfplatta, e-boksl\u00e4sare eller p\u00e5 en dator.<\/em> <\/p>\n\n\n\n<p>Fungerar inte nedladdning och installation av e-boken? <br><strong>L\u00e4s boken i pdf-format<\/strong><\/p>\n\n\n\n<div data-wp-interactive=\"core\/file\" class=\"wp-block-file\"><object data-wp-bind--hidden=\"!state.hasPdfPreview\" hidden class=\"wp-block-file__embed\" data=\"https:\/\/36256ryd.se\/minnen\/wp-content\/uploads\/2025\/02\/Kjell-Fjallstroms-minnen_14pt.pdf\" type=\"application\/pdf\" style=\"width:100%;height:600px\" aria-label=\"Inb\u00e4ddning av Kjell Fj\u00e4llstr\u00f6ms minnen_14pt.\"><\/object><a id=\"wp-block-file--media-9cbd9823-2092-421d-8d48-86e408e13650\" href=\"https:\/\/36256ryd.se\/minnen\/wp-content\/uploads\/2025\/02\/Kjell-Fjallstroms-minnen_14pt.pdf\">Kjell Fj\u00e4llstr\u00f6ms minnen_14pt<\/a><a href=\"https:\/\/36256ryd.se\/minnen\/wp-content\/uploads\/2025\/02\/Kjell-Fjallstroms-minnen_14pt.pdf\" class=\"wp-block-file__button wp-element-button\" download aria-describedby=\"wp-block-file--media-9cbd9823-2092-421d-8d48-86e408e13650\">Ladda ner<\/a><\/div>\n\n\n\n<p>(Du kan \u00e4ven f\u00e5 &#8221;Minnen fr\u00e5n Svansj\u00f6n&#8221; i h\u00e4ftesformat f\u00f6r en kostnad av 50 kr + porto)<\/p>\n<p>Visningar: 147<\/p>","protected":false},"excerpt":{"rendered":"<p>Min far, Kjell Fj\u00e4llstr\u00f6m, har under alla tider ber\u00e4ttat om sin uppv\u00e4xt och levnad. Som liten pojke l\u00e5g jag ofta bakom hans rygg p\u00e5 kv\u00e4llen,&hellip;<\/p>\n","protected":false},"author":1,"featured_media":0,"parent":128,"menu_order":0,"comment_status":"closed","ping_status":"closed","template":"","meta":{"ngg_post_thumbnail":0,"footnotes":""},"class_list":["post-185","page","type-page","status-publish","hentry"],"_links":{"self":[{"href":"https:\/\/36256ryd.se\/minnen\/wp-json\/wp\/v2\/pages\/185","targetHints":{"allow":["GET"]}}],"collection":[{"href":"https:\/\/36256ryd.se\/minnen\/wp-json\/wp\/v2\/pages"}],"about":[{"href":"https:\/\/36256ryd.se\/minnen\/wp-json\/wp\/v2\/types\/page"}],"author":[{"embeddable":true,"href":"https:\/\/36256ryd.se\/minnen\/wp-json\/wp\/v2\/users\/1"}],"replies":[{"embeddable":true,"href":"https:\/\/36256ryd.se\/minnen\/wp-json\/wp\/v2\/comments?post=185"}],"version-history":[{"count":11,"href":"https:\/\/36256ryd.se\/minnen\/wp-json\/wp\/v2\/pages\/185\/revisions"}],"predecessor-version":[{"id":1662,"href":"https:\/\/36256ryd.se\/minnen\/wp-json\/wp\/v2\/pages\/185\/revisions\/1662"}],"up":[{"embeddable":true,"href":"https:\/\/36256ryd.se\/minnen\/wp-json\/wp\/v2\/pages\/128"}],"wp:attachment":[{"href":"https:\/\/36256ryd.se\/minnen\/wp-json\/wp\/v2\/media?parent=185"}],"curies":[{"name":"wp","href":"https:\/\/api.w.org\/{rel}","templated":true}]}}